{"version":"1.0","provider_name":"AMAU - Associa\u00e7\u00e3o de Munic\u00edpios do Alto Uruguai","provider_url":"https:\/\/www.amau.com.br\/site","author_name":"Severiano de Almeida","author_url":"https:\/\/www.amau.com.br\/site\/author\/severiano-de-almeida\/","title":"Severiano de Almeida adquire novas m\u00e1quinas - AMAU - Associa\u00e7\u00e3o de Munic\u00edpios do Alto Uruguai","type":"rich","width":600,"height":338,"html":"<blockquote class=\"wp-embedded-content\" data-secret=\"QEbtN9Tkdz\"><a href=\"https:\/\/www.amau.com.br\/site\/severiano-de-almeida-adquire-novas-maquinas\/\">Severiano de Almeida adquire novas m\u00e1quinas<\/a><\/blockquote><iframe sandbox=\"allow-scripts\" security=\"restricted\" src=\"https:\/\/www.amau.com.br\/site\/severiano-de-almeida-adquire-novas-maquinas\/embed\/#?secret=QEbtN9Tkdz\" width=\"600\" height=\"338\" title=\"&#8220;Severiano de Almeida adquire novas m\u00e1quinas&#8221; &#8212; AMAU - Associa\u00e7\u00e3o de Munic\u00edpios do Alto Uruguai\" data-secret=\"QEbtN9Tkdz\" frameborder=\"0\" marginwidth=\"0\" marginheight=\"0\" scrolling=\"no\" class=\"wp-embedded-content\"><\/iframe><script>\n\/*! This file is auto-generated *\/\n!function(d,l){\"use strict\";l.querySelector&&d.addEventListener&&\"undefined\"!=typeof URL&&(d.wp=d.wp||{},d.wp.receiveEmbedMessage||(d.wp.receiveEmbedMessage=function(e){var t=e.data;if((t||t.secret||t.message||t.value)&&!\/[^a-zA-Z0-9]\/.test(t.secret)){for(var s,r,n,a=l.querySelectorAll('iframe[data-secret=\"'+t.secret+'\"]'),o=l.querySelectorAll('blockquote[data-secret=\"'+t.secret+'\"]'),c=new RegExp(\"^https?:$\",\"i\"),i=0;i<o.length;i++)o[i].style.display=\"none\";for(i=0;i<a.length;i++)s=a[i],e.source===s.contentWindow&&(s.removeAttribute(\"style\"),\"height\"===t.message?(1e3<(r=parseInt(t.value,10))?r=1e3:~~r<200&&(r=200),s.height=r):\"link\"===t.message&&(r=new URL(s.getAttribute(\"src\")),n=new URL(t.value),c.test(n.protocol))&&n.host===r.host&&l.activeElement===s&&(d.top.location.href=t.value))}},d.addEventListener(\"message\",d.wp.receiveEmbedMessage,!1),l.addEventListener(\"DOMContentLoaded\",function(){for(var e,t,s=l.querySelectorAll(\"iframe.wp-embedded-content\"),r=0;r<s.length;r++)(t=(e=s[r]).getAttribute(\"data-secret\"))||(t=Math.random().toString(36).substring(2,12),e.src+=\"#?secret=\"+t,e.setAttribute(\"data-secret\",t)),e.contentWindow.postMessage({message:\"ready\",secret:t},\"*\")},!1)))}(window,document);\n\/\/# sourceURL=https:\/\/www.amau.com.br\/site\/wp-includes\/js\/wp-embed.min.js\n<\/script>\n","thumbnail_url":"https:\/\/www.amau.com.br\/site\/wp-content\/uploads\/2021\/12\/WhatsApp-Image-2021-12-17-at-11.06.16.jpeg","thumbnail_width":800,"thumbnail_height":1066,"description":"A Administra\u00e7\u00e3o Municipal atrav\u00e9s da Secretaria de Agricultura em conv\u00eanio com a Associa\u00e7\u00e3o FUNDEC adquiriu novas m\u00e1quinas. Tratam-se \u00a0de duas\u00a0 ensiladeiras, uma adquirida com recursos pr\u00f3prios da Administra\u00e7\u00e3o Municipal e outra com recursos da Associa\u00e7\u00e3o FUNDEC. A chegada das m\u00e1quinas agr\u00edcolas beneficiar\u00e1 in\u00fameros produtores rurais que a partir de ent\u00e3o poder\u00e3o usufruir tamb\u00e9m de mais [&hellip;]"}